{"id":4262,"date":"2018-10-03T15:39:09","date_gmt":"2018-10-03T13:39:09","guid":{"rendered":"https:\/\/www.brasserie-lipp.ch\/votre-evenement\/"},"modified":"2018-10-18T15:22:49","modified_gmt":"2018-10-18T13:22:49","slug":"votre-evenement","status":"publish","type":"page","link":"https:\/\/www.brasserie-lipp.ch\/fr\/votre-evenement\/","title":{"rendered":"Votre \u00e9v\u00e9nement"},"content":{"rendered":"<div class=\"grid2column\"><\/p>\n<h2>S\u00e9minaires, f\u00eates priv\u00e9es et \u00e9v\u00e9nements chez Lipp<\/h2>\n<p>C\u2019est avec plaisir que nous organiserons vos f\u00eates priv\u00e9es, s\u00e9minaires, r\u00e9unions et banquets \u00e0 la Brasserie Lipp.<\/p>\n<div class=\"page\" title=\"Page 1\">\n<div class=\"section\">\n<div class=\"layoutArea\">\n<div class=\"column\">\n<p>C\u2019est bient\u00f4t votre anniversaire? Vous planifiez un repas de No\u00ebl pour votre entreprise ou votre famille? Vous souhaitez un menu sp\u00e9cial pour c\u00e9l\u00e9brer votre mariage? Et que diriez-vous de r\u00e9unir vos anciens camarades de classe autour de cassolettes de moules frites et d\u2019un bon chablis de William F\u00e8vre pour parler du bon vieux temps\u2026<\/p>\n<p>Peu importe vos projets, nous vous proposons le cadre id\u00e9al pour 10 \u00e0 150 personnes.<\/p>\n<p>Apr\u00e8s un meeting, une conf\u00e9rence ou un s\u00e9minaire r\u00e9ussi, r\u00e9servez une escapade gourmande \u00e0 vos h\u00f4tes: notre cuisine bourgeoise fran\u00e7aise \u00e0 base de produits frais du march\u00e9 constituera sans conteste le point d\u2019orgue de votre manifestation et restera longtemps grav\u00e9e dans la m\u00e9moire de vos convives.<\/p>\n<p>Nous mettons \u00e0 votre disposition le cadre ad\u00e9quat et envoyons aussi les cartons d\u2019invitation pour votre \u00e9v\u00e9nement.<\/p>\n<\/div>\n<p><img loading=\"lazy\" decoding=\"async\" class=\"alignnone size-large wp-image-2092\" src=\"https:\/\/www.brasserie-lipp.ch\/wp-content\/uploads\/2014\/03\/Brasserie_Lipp_Saal_Od\u00e9on_Food_1024x361px_0417_008-1024x362.jpg\" alt=\"\" width=\"640\" height=\"226\" srcset=\"https:\/\/www.brasserie-lipp.ch\/wp-content\/uploads\/2014\/03\/Brasserie_Lipp_Saal_Od\u00e9on_Food_1024x361px_0417_008-1024x362.jpg 1024w, https:\/\/www.brasserie-lipp.ch\/wp-content\/uploads\/2014\/03\/Brasserie_Lipp_Saal_Od\u00e9on_Food_1024x361px_0417_008-300x106.jpg 300w, https:\/\/www.brasserie-lipp.ch\/wp-content\/uploads\/2014\/03\/Brasserie_Lipp_Saal_Od\u00e9on_Food_1024x361px_0417_008-768x271.jpg 768w, https:\/\/www.brasserie-lipp.ch\/wp-content\/uploads\/2014\/03\/Brasserie_Lipp_Saal_Od\u00e9on_Food_1024x361px_0417_008-1140x403.jpg 1140w, https:\/\/www.brasserie-lipp.ch\/wp-content\/uploads\/2014\/03\/Brasserie_Lipp_Saal_Od\u00e9on_Food_1024x361px_0417_008.jpg 1200w\" sizes=\"auto, (max-width: 640px) 100vw, 640px\" \/><\/p>\n<div class=\"column\">\n<h2>\u00abCuisine bourgeoise fran\u00e7aise\u00bb<\/h2>\n<\/div>\n<\/div>\n<\/div>\n<\/div>\n<div class=\"page\" title=\"Page 4\">\n<div class=\"section\">\n<div class=\"layoutArea\">\n<div class=\"column\">\n<h4>Nos propositions de menu<\/h4>\n<p>Des produits frais du march\u00e9 pour les gourmets et fins connaisseurs<\/p>\n<p>Nos menus se composent de plats de viande, de poisson et de sp\u00e9cialit\u00e9s v\u00e9g\u00e9tariennes. Nous prenons tr\u00e8s au s\u00e9rieux nos h\u00f4tes souffrant d\u2019allergies alimentaires et \u00e9laborons des menus entiers en tenant compte de leurs intol\u00e9rances particuli\u00e8res. Nous pr\u00e9parons des repas traditionnels pour vous et vos convives \u00e0 partir de produits de saison du march\u00e9.<\/p>\n<\/div>\n<\/div>\n<\/div>\n<\/div>\n<p>Pour de plus amples informations, contactez-nous au<br \/>\n<strong> +41 43 888 66 60 <\/strong> ou via <strong> <a href=\"mailto:bankett@brasserie-lipp.ch\">bankett@brasserie-lipp.ch<\/a><\/strong>.<br \/>\nNous nous r\u00e9jouissons de r\u00e9pondre \u00e0 vos attentes.<br \/>\n<\/div>\n<div class=\"grid2column lastcolumn\"><img loading=\"lazy\" decoding=\"async\" class=\"alignnone wp-image-2089 size-large\" src=\"https:\/\/www.brasserie-lipp.ch\/wp-content\/uploads\/2014\/03\/Brasserie_Lipp_Saal_Montparnasse_Seminarbestuhlung_1024x361px_0417_004-1024x362.jpg\" alt=\"\" width=\"640\" height=\"226\" srcset=\"https:\/\/www.brasserie-lipp.ch\/wp-content\/uploads\/2014\/03\/Brasserie_Lipp_Saal_Montparnasse_Seminarbestuhlung_1024x361px_0417_004-1024x362.jpg 1024w, https:\/\/www.brasserie-lipp.ch\/wp-content\/uploads\/2014\/03\/Brasserie_Lipp_Saal_Montparnasse_Seminarbestuhlung_1024x361px_0417_004-300x106.jpg 300w, https:\/\/www.brasserie-lipp.ch\/wp-content\/uploads\/2014\/03\/Brasserie_Lipp_Saal_Montparnasse_Seminarbestuhlung_1024x361px_0417_004-768x271.jpg 768w, https:\/\/www.brasserie-lipp.ch\/wp-content\/uploads\/2014\/03\/Brasserie_Lipp_Saal_Montparnasse_Seminarbestuhlung_1024x361px_0417_004-1140x403.jpg 1140w, https:\/\/www.brasserie-lipp.ch\/wp-content\/uploads\/2014\/03\/Brasserie_Lipp_Saal_Montparnasse_Seminarbestuhlung_1024x361px_0417_004.jpg 1200w\" sizes=\"auto, (max-width: 640px) 100vw, 640px\" \/><\/p>\n<div class=\"page\" title=\"Page 2\">\n<div class=\"section\">\n<div class=\"layoutArea\">\n<div class=\"column\">\n<h2>Propositions de menu et de buffet<\/h2>\n<p>Nous vous proposons diff\u00e9rents espaces pour votre \u00e9v\u00e9nement. Soucieux de vous garantir un service impeccable, nous recommandons aux groupes \u00e0 partir de 16 personnes de choisir un menu unique.<\/p>\n<p>Renseignez-vous \u00e9galement sur nos offres de buffet \u00e0 partir de 25 personnes. Les groupes de voyageurs sont aussi les bienvenus chez nous. Vous obtiendrez toutes les informations utiles et les propositions de menu aupr\u00e8s de notre d\u00e9partement Banquets.<\/p>\n<p>Selon l\u2019\u00e9v\u00e9nement que vous pr\u00e9voyez, nous nous chargeons volontiers de commander les fleurs et la d\u00e9coration de table appropri\u00e9es. Pour de plus amples informations, contactez-nous au<br \/>\n<strong> +41 43 888 66 60 <\/strong> ou via <strong> <a href=\"mailto:bankett@brasserie-lipp.ch\">bankett@brasserie-lipp.ch<\/a><\/strong>.<\/p>\n<\/div>\n<\/div>\n<\/div>\n<\/div>\n<div class=\"page\" title=\"Page 2\">\n<div class=\"section\">\n<div class=\"layoutArea\">\n<div class=\"column\">\n<h2>Der \u201eSalle Montparnasse\u00a0\u00bb<\/h2>\n<p>&nbsp;<\/p>\n<p>La Salle Montparnasse resplendit dans son style Belle Epoque. D\u2019une surface de 109 m2, elle se pr\u00eate id\u00e9alement aux conf\u00e9rences de presse et s\u00e9minaires, aux f\u00eates d\u2019entreprise et banquets ainsi qu\u2019aux \u00e9v\u00e9nements priv\u00e9s de plus grande envergure.<\/p>\n<div class=\"page\" title=\"Page 3\">\n<div class=\"section\">\n<div class=\"layoutArea\">\n<div class=\"column\">\n<h2>Der \u201eSalon Cazes\u00a0\u00bb<\/h2>\n<\/div>\n<\/div>\n<p><img loading=\"lazy\" decoding=\"async\" class=\"alignnone size-large wp-image-2087\" src=\"https:\/\/www.brasserie-lipp.ch\/wp-content\/uploads\/2014\/03\/Brasserie_Lipp_Saal_Cazes_Seminarbestuhlung_1024x361px_0417_015-1024x362.jpg\" alt=\"\" width=\"640\" height=\"226\" srcset=\"https:\/\/www.brasserie-lipp.ch\/wp-content\/uploads\/2014\/03\/Brasserie_Lipp_Saal_Cazes_Seminarbestuhlung_1024x361px_0417_015-1024x362.jpg 1024w, https:\/\/www.brasserie-lipp.ch\/wp-content\/uploads\/2014\/03\/Brasserie_Lipp_Saal_Cazes_Seminarbestuhlung_1024x361px_0417_015-300x106.jpg 300w, https:\/\/www.brasserie-lipp.ch\/wp-content\/uploads\/2014\/03\/Brasserie_Lipp_Saal_Cazes_Seminarbestuhlung_1024x361px_0417_015-768x271.jpg 768w, https:\/\/www.brasserie-lipp.ch\/wp-content\/uploads\/2014\/03\/Brasserie_Lipp_Saal_Cazes_Seminarbestuhlung_1024x361px_0417_015-1140x403.jpg 1140w, https:\/\/www.brasserie-lipp.ch\/wp-content\/uploads\/2014\/03\/Brasserie_Lipp_Saal_Cazes_Seminarbestuhlung_1024x361px_0417_015.jpg 1200w\" sizes=\"auto, (max-width: 640px) 100vw, 640px\" \/><\/p>\n<p>Le Salon Cazes, qui peut accueillir jusqu\u2019\u00e0 18 personnes, est \u00e0 votre disposition pour une r\u00e9union ou un petit banquet. Il est \u00e9quip\u00e9 de mat\u00e9riel de visioconf\u00e9rence et d\u2019une climatisation.<\/p>\n<div class=\"layoutArea\">\n<div class=\"column\">\n<h2>Acc\u00e8s<\/h2>\n<p>Situ\u00e9e au c\u0153ur de Zurich, \u00e0 proximit\u00e9 imm\u00e9diate de la Bahnhofstrasse et du <a href=\"http:\/\/www.parkhaus-urania.ch\" target=\"_blank\" rel=\"noopener\">parking Urania<\/a>. a Brasserie Lipp et ses salles de banquet se trouvent dans le b\u00e2timent de <a href=\"http:\/\/www.urania-sternwarte.ch\" target=\"_blank\" rel=\"noopener\">l\u2019Urania Sternwarte<\/a>.<\/p>\n<\/div>\n<\/div>\n<\/div>\n<\/div>\n<\/div>\n<\/div>\n<\/div>\n<\/div>\n<p><\/div><div class=\"clearfix\"><\/div>\n","protected":false},"excerpt":{"rendered":"","protected":false},"author":9,"featured_media":4185,"parent":0,"menu_order":0,"comment_status":"open","ping_status":"open","template":"page-with-sidebar.php","meta":{"footnotes":""},"class_list":["post-4262","page","type-page","status-publish","has-post-thumbnail","hentry"],"yoast_head":"<!-- This site is optimized with the Yoast SEO plugin v27.5 - https:\/\/yoast.com\/product\/yoast-seo-wordpress\/ -->\n<title>S\u00e9minaires, f\u00eates priv\u00e9es et \u00e9v\u00e9nements chez Lipp<\/title>\n<meta name=\"description\" content=\"Nous sommes heureux de pouvoir organiser vos \u00e9v\u00e9nements personnels et banquets \u00e0 la Brasserie LIPP. Nous nous r\u00e9jouissons de r\u00e9pondre \u00e0 vos attentes.\" \/>\n<meta name=\"robots\" content=\"index, follow, max-snippet:-1, max-image-preview:large, max-video-preview:-1\" \/>\n<link rel=\"canonical\" href=\"https:\/\/www.brasserie-lipp.ch\/fr\/votre-evenement\/\" \/>\n<meta property=\"og:locale\" content=\"fr_FR\" \/>\n<meta property=\"og:type\" content=\"article\" \/>\n<meta property=\"og:title\" content=\"S\u00e9minaires, f\u00eates priv\u00e9es et \u00e9v\u00e9nements chez Lipp\" \/>\n<meta property=\"og:description\" content=\"Nous sommes heureux de pouvoir organiser vos \u00e9v\u00e9nements personnels et banquets \u00e0 la Brasserie LIPP. Nous nous r\u00e9jouissons de r\u00e9pondre \u00e0 vos attentes.\" \/>\n<meta property=\"og:url\" content=\"https:\/\/www.brasserie-lipp.ch\/fr\/votre-evenement\/\" \/>\n<meta property=\"og:site_name\" content=\"Brasserie Lipp\" \/>\n<meta property=\"article:modified_time\" content=\"2018-10-18T13:22:49+00:00\" \/>\n<meta property=\"og:image\" content=\"https:\/\/www.brasserie-lipp.ch\/wp-content\/uploads\/2014\/07\/Seminarraum.jpg\" \/>\n\t<meta property=\"og:image:width\" content=\"1663\" \/>\n\t<meta property=\"og:image:height\" content=\"587\" \/>\n\t<meta property=\"og:image:type\" content=\"image\/jpeg\" \/>\n<meta name=\"twitter:label1\" content=\"Dur\u00e9e de lecture estim\u00e9e\" \/>\n\t<meta name=\"twitter:data1\" content=\"3 minutes\" \/>\n<script type=\"application\/ld+json\" class=\"yoast-schema-graph\">{\"@context\":\"https:\\\/\\\/schema.org\",\"@graph\":[{\"@type\":\"WebPage\",\"@id\":\"https:\\\/\\\/www.brasserie-lipp.ch\\\/fr\\\/votre-evenement\\\/\",\"url\":\"https:\\\/\\\/www.brasserie-lipp.ch\\\/fr\\\/votre-evenement\\\/\",\"name\":\"S\u00e9minaires, f\u00eates priv\u00e9es et \u00e9v\u00e9nements chez Lipp\",\"isPartOf\":{\"@id\":\"https:\\\/\\\/www.brasserie-lipp.ch\\\/#website\"},\"primaryImageOfPage\":{\"@id\":\"https:\\\/\\\/www.brasserie-lipp.ch\\\/fr\\\/votre-evenement\\\/#primaryimage\"},\"image\":{\"@id\":\"https:\\\/\\\/www.brasserie-lipp.ch\\\/fr\\\/votre-evenement\\\/#primaryimage\"},\"thumbnailUrl\":\"https:\\\/\\\/www.brasserie-lipp.ch\\\/wp-content\\\/uploads\\\/2014\\\/07\\\/Seminarraum.jpg\",\"datePublished\":\"2018-10-03T13:39:09+00:00\",\"dateModified\":\"2018-10-18T13:22:49+00:00\",\"description\":\"Nous sommes heureux de pouvoir organiser vos \u00e9v\u00e9nements personnels et banquets \u00e0 la Brasserie LIPP. Nous nous r\u00e9jouissons de r\u00e9pondre \u00e0 vos attentes.\",\"inLanguage\":\"fr-FR\",\"potentialAction\":[{\"@type\":\"ReadAction\",\"target\":[\"https:\\\/\\\/www.brasserie-lipp.ch\\\/fr\\\/votre-evenement\\\/\"]}]},{\"@type\":\"ImageObject\",\"inLanguage\":\"fr-FR\",\"@id\":\"https:\\\/\\\/www.brasserie-lipp.ch\\\/fr\\\/votre-evenement\\\/#primaryimage\",\"url\":\"https:\\\/\\\/www.brasserie-lipp.ch\\\/wp-content\\\/uploads\\\/2014\\\/07\\\/Seminarraum.jpg\",\"contentUrl\":\"https:\\\/\\\/www.brasserie-lipp.ch\\\/wp-content\\\/uploads\\\/2014\\\/07\\\/Seminarraum.jpg\",\"width\":1663,\"height\":587},{\"@type\":\"WebSite\",\"@id\":\"https:\\\/\\\/www.brasserie-lipp.ch\\\/#website\",\"url\":\"https:\\\/\\\/www.brasserie-lipp.ch\\\/\",\"name\":\"Brasserie Lipp\",\"description\":\"So isst Paris.\",\"potentialAction\":[{\"@type\":\"SearchAction\",\"target\":{\"@type\":\"EntryPoint\",\"urlTemplate\":\"https:\\\/\\\/www.brasserie-lipp.ch\\\/?s={search_term_string}\"},\"query-input\":{\"@type\":\"PropertyValueSpecification\",\"valueRequired\":true,\"valueName\":\"search_term_string\"}}],\"inLanguage\":\"fr-FR\"}]}<\/script>\n<!-- \/ Yoast SEO plugin. -->","yoast_head_json":{"title":"S\u00e9minaires, f\u00eates priv\u00e9es et \u00e9v\u00e9nements chez Lipp","description":"Nous sommes heureux de pouvoir organiser vos \u00e9v\u00e9nements personnels et banquets \u00e0 la Brasserie LIPP. Nous nous r\u00e9jouissons de r\u00e9pondre \u00e0 vos attentes.","robots":{"index":"index","follow":"follow","max-snippet":"max-snippet:-1","max-image-preview":"max-image-preview:large","max-video-preview":"max-video-preview:-1"},"canonical":"https:\/\/www.brasserie-lipp.ch\/fr\/votre-evenement\/","og_locale":"fr_FR","og_type":"article","og_title":"S\u00e9minaires, f\u00eates priv\u00e9es et \u00e9v\u00e9nements chez Lipp","og_description":"Nous sommes heureux de pouvoir organiser vos \u00e9v\u00e9nements personnels et banquets \u00e0 la Brasserie LIPP. Nous nous r\u00e9jouissons de r\u00e9pondre \u00e0 vos attentes.","og_url":"https:\/\/www.brasserie-lipp.ch\/fr\/votre-evenement\/","og_site_name":"Brasserie Lipp","article_modified_time":"2018-10-18T13:22:49+00:00","og_image":[{"width":1663,"height":587,"url":"https:\/\/www.brasserie-lipp.ch\/wp-content\/uploads\/2014\/07\/Seminarraum.jpg","type":"image\/jpeg"}],"twitter_misc":{"Dur\u00e9e de lecture estim\u00e9e":"3 minutes"},"schema":{"@context":"https:\/\/schema.org","@graph":[{"@type":"WebPage","@id":"https:\/\/www.brasserie-lipp.ch\/fr\/votre-evenement\/","url":"https:\/\/www.brasserie-lipp.ch\/fr\/votre-evenement\/","name":"S\u00e9minaires, f\u00eates priv\u00e9es et \u00e9v\u00e9nements chez Lipp","isPartOf":{"@id":"https:\/\/www.brasserie-lipp.ch\/#website"},"primaryImageOfPage":{"@id":"https:\/\/www.brasserie-lipp.ch\/fr\/votre-evenement\/#primaryimage"},"image":{"@id":"https:\/\/www.brasserie-lipp.ch\/fr\/votre-evenement\/#primaryimage"},"thumbnailUrl":"https:\/\/www.brasserie-lipp.ch\/wp-content\/uploads\/2014\/07\/Seminarraum.jpg","datePublished":"2018-10-03T13:39:09+00:00","dateModified":"2018-10-18T13:22:49+00:00","description":"Nous sommes heureux de pouvoir organiser vos \u00e9v\u00e9nements personnels et banquets \u00e0 la Brasserie LIPP. Nous nous r\u00e9jouissons de r\u00e9pondre \u00e0 vos attentes.","inLanguage":"fr-FR","potentialAction":[{"@type":"ReadAction","target":["https:\/\/www.brasserie-lipp.ch\/fr\/votre-evenement\/"]}]},{"@type":"ImageObject","inLanguage":"fr-FR","@id":"https:\/\/www.brasserie-lipp.ch\/fr\/votre-evenement\/#primaryimage","url":"https:\/\/www.brasserie-lipp.ch\/wp-content\/uploads\/2014\/07\/Seminarraum.jpg","contentUrl":"https:\/\/www.brasserie-lipp.ch\/wp-content\/uploads\/2014\/07\/Seminarraum.jpg","width":1663,"height":587},{"@type":"WebSite","@id":"https:\/\/www.brasserie-lipp.ch\/#website","url":"https:\/\/www.brasserie-lipp.ch\/","name":"Brasserie Lipp","description":"So isst Paris.","potentialAction":[{"@type":"SearchAction","target":{"@type":"EntryPoint","urlTemplate":"https:\/\/www.brasserie-lipp.ch\/?s={search_term_string}"},"query-input":{"@type":"PropertyValueSpecification","valueRequired":true,"valueName":"search_term_string"}}],"inLanguage":"fr-FR"}]}},"_links":{"self":[{"href":"https:\/\/www.brasserie-lipp.ch\/fr\/wp-json\/wp\/v2\/pages\/4262","targetHints":{"allow":["GET"]}}],"collection":[{"href":"https:\/\/www.brasserie-lipp.ch\/fr\/wp-json\/wp\/v2\/pages"}],"about":[{"href":"https:\/\/www.brasserie-lipp.ch\/fr\/wp-json\/wp\/v2\/types\/page"}],"author":[{"embeddable":true,"href":"https:\/\/www.brasserie-lipp.ch\/fr\/wp-json\/wp\/v2\/users\/9"}],"replies":[{"embeddable":true,"href":"https:\/\/www.brasserie-lipp.ch\/fr\/wp-json\/wp\/v2\/comments?post=4262"}],"version-history":[{"count":2,"href":"https:\/\/www.brasserie-lipp.ch\/fr\/wp-json\/wp\/v2\/pages\/4262\/revisions"}],"predecessor-version":[{"id":4367,"href":"https:\/\/www.brasserie-lipp.ch\/fr\/wp-json\/wp\/v2\/pages\/4262\/revisions\/4367"}],"wp:featuredmedia":[{"embeddable":true,"href":"https:\/\/www.brasserie-lipp.ch\/fr\/wp-json\/wp\/v2\/media\/4185"}],"wp:attachment":[{"href":"https:\/\/www.brasserie-lipp.ch\/fr\/wp-json\/wp\/v2\/media?parent=4262"}],"curies":[{"name":"wp","href":"https:\/\/api.w.org\/{rel}","templated":true}]}}